{"id":3275,"date":"2017-01-18T00:04:19","date_gmt":"2017-01-17T22:04:19","guid":{"rendered":"https:\/\/kultuurikatel.ee\/events\/ansambel-u-urr-13-island\/"},"modified":"2017-01-20T11:04:16","modified_gmt":"2017-01-20T09:04:16","slug":"ansambel-u-urr-13-island","status":"publish","type":"events","link":"https:\/\/kultuurikatel.ee\/en\/events\/ansambel-u-urr-13-island\/","title":{"rendered":"Ensemble U: Urr-13: Iceland"},"content":{"rendered":"","protected":false},"excerpt":{"rendered":"","protected":false},"author":13,"featured_media":3236,"parent":0,"menu_order":0,"template":"","meta":{"_acf_changed":false,"_uag_custom_page_level_css":"","advgb_blocks_editor_width":"","advgb_blocks_columns_visual_guide":"","_exactmetrics_skip_tracking":false,"_exactmetrics_sitenote_active":false,"_exactmetrics_sitenote_note":"","_exactmetrics_sitenote_category":0,"footnotes":""},"location_cat":[],"event_category":[58],"class_list":["post-3275","events","type-events","status-publish","has-post-thumbnail","hentry","event_category-kontsert-en"],"better_featured_image":{"id":3236,"alt_text":"","caption":"","description":"","media_type":"image","media_details":{"width":500,"height":357,"file":"ansambel-u-at-kultuurikatel.jpg","sizes":{"medium":{"file":"ansambel-u-at-kultuurikatel-250x179.jpg","width":250,"height":179,"mime-type":"image\/jpeg","source_url":"https:\/\/kultuurikatel.ee\/static\/ansambel-u-at-kultuurikatel-250x179.jpg"},"thumbnail":{"file":"ansambel-u-at-kultuurikatel-500x357.jpg","width":500,"height":357,"mime-type":"image\/jpeg","source_url":"https:\/\/kultuurikatel.ee\/static\/ansambel-u-at-kultuurikatel-500x357.jpg"},"event_thumb":{"file":"ansambel-u-at-kultuurikatel-360x257.jpg","width":360,"height":257,"mime-type":"image\/jpeg","source_url":"https:\/\/kultuurikatel.ee\/static\/ansambel-u-at-kultuurikatel-360x257.jpg"},"small":{"file":"ansambel-u-at-kultuurikatel-120x86.jpg","width":120,"height":86,"mime-type":"image\/jpeg","source_url":"https:\/\/kultuurikatel.ee\/static\/ansambel-u-at-kultuurikatel-120x86.jpg"},"contact-profile":{"file":"ansambel-u-at-kultuurikatel-230x300.jpg","width":230,"height":300,"mime-type":"image\/jpeg","source_url":"https:\/\/kultuurikatel.ee\/static\/ansambel-u-at-kultuurikatel-230x300.jpg"}},"image_meta":{"aperture":"0","credit":"","camera":"","caption":"","created_timestamp":"0","copyright":"","focal_length":"0","iso":"0","shutter_speed":"0","title":"","orientation":"1","keywords":[]}},"post":3275,"source_url":"https:\/\/kultuurikatel.ee\/static\/ansambel-u-at-kultuurikatel.jpg"},"acf":{"expires":true,"expire_date":"20170125","featured_event":true,"event_featured_image":"https:\/\/kultuurikatel.ee\/static\/ansambel-u-event.jpg","event_title":"ENSEMBLE U:","event_days":false,"event_date":"20170124","add_time":true,"event_organizer":"Ensemble U:","ticket_buy":false,"ticket_info":"<p>Tickets \u20ac3\/5 before the concert on site.<\/p>\n","facebook_event_link":"https:\/\/www.facebook.com\/events\/177793092701889\/","event_images":[{"image":"https:\/\/kultuurikatel.ee\/static\/ansambel-u.jpg"}],"layout_container":[{"acf_fc_layout":"text_block","text":"<p><b>Another concert from the series URR &#8211; ensemble U: at Estonian Public Broadcasting will take place on Tuesday 24 January. The Iceland-themed concert URR-13 starts at 19:00 in the small hall of Tallinn Creative Hub.<\/b><\/p>\n<p><b>Programme:\u00a0<\/b><br \/>\n\u00deur\u00eddur J\u00f3nsd\u00f3ttir <i>Eyja<\/i> for a chamber ensemble<br \/>\nJesper Pedersen <i>Helmut<\/i> for percussion and electronics<br \/>\nAnna \u00deorvaldsd\u00f3ttir <i>In Two Different Places<\/i> for flute and soundtrack<br \/>\nDav\u00ed\u00f0 Brynjar Franzson <i>il Dolce far Niente<\/i> for clarinet, violin and cello<br \/>\n\u00der\u00e1inn Hj\u00e1lmarsson <i>Sculpture # 3<\/i> for six performers<\/p>\n<p>URR is the name of ensemble U:\u2019s concert series that started in 2013 through which U: introduced various important subjects in contemporary music. The concerts will be broadcast live on the Klassikaraadio radio channel. Due to ongoing renovation in Estonian Radio&#8217;s studio 1, the concerts will take place in Tallinn Creative Hub&#8217;s small hall as of Spring 2016.<\/p>\n<p>Members of U: Helena Tuuling, Merje Roomere, Levi-Danel M\u00e4gila, Tarmo Johannes, Taavi Kerikm\u00e4e, Vambola Krigul.<\/p>\n<p>The concert is jointly organised by Estonian Public Broadcasting and Tallinn Creative Hub with the support of the Cultural Endowment of Estonia and the Estonian Ministry of Culture.<\/p>\n"}],"website_link":"http:\/\/uuu.ee\/","youtube_channel":"","linkedin_account":"","event_start_time":"19:00","event_end_time":"20:00"},"yoast_head":"<!-- This site is optimized with the Yoast SEO plugin v27.1.1 - https:\/\/yoast.com\/product\/yoast-seo-wordpress\/ -->\n<title>Ensemble U: Urr-13: Iceland - Tallinn Creative Hub<\/title>\n<meta name=\"robots\" content=\"index, follow, max-snippet:-1, max-image-preview:large, max-video-preview:-1\" \/>\n<link rel=\"canonical\" href=\"https:\/\/kultuurikatel.ee\/en\/events\/ansambel-u-urr-13-island\/\" \/>\n<meta property=\"og:locale\" content=\"en_US\" \/>\n<meta property=\"og:type\" content=\"article\" \/>\n<meta property=\"og:title\" content=\"Ensemble U: Urr-13: Iceland - Tallinn Creative Hub\" \/>\n<meta property=\"og:url\" content=\"https:\/\/kultuurikatel.ee\/en\/events\/ansambel-u-urr-13-island\/\" \/>\n<meta property=\"og:site_name\" content=\"Tallinn Creative Hub\" \/>\n<meta property=\"article:publisher\" content=\"https:\/\/www.facebook.com\/kultuurikatel\/\" \/>\n<meta property=\"article:modified_time\" content=\"2017-01-20T09:04:16+00:00\" \/>\n<meta property=\"og:image\" content=\"https:\/\/kultuurikatel.ee\/static\/ansambel-u-at-kultuurikatel.jpg\" \/>\n\t<meta property=\"og:image:width\" content=\"500\" \/>\n\t<meta property=\"og:image:height\" content=\"357\" \/>\n\t<meta property=\"og:image:type\" content=\"image\/jpeg\" \/>\n<meta name=\"twitter:card\" content=\"summary_large_image\" \/>\n<script type=\"application\/ld+json\" class=\"yoast-schema-graph\">{\"@context\":\"https:\/\/schema.org\",\"@graph\":[{\"@type\":\"WebPage\",\"@id\":\"https:\/\/kultuurikatel.ee\/en\/events\/ansambel-u-urr-13-island\/\",\"url\":\"https:\/\/kultuurikatel.ee\/en\/events\/ansambel-u-urr-13-island\/\",\"name\":\"Ensemble U: Urr-13: Iceland - Tallinn Creative Hub\",\"isPartOf\":{\"@id\":\"https:\/\/kultuurikatel.ee\/#website\"},\"primaryImageOfPage\":{\"@id\":\"https:\/\/kultuurikatel.ee\/en\/events\/ansambel-u-urr-13-island\/#primaryimage\"},\"image\":{\"@id\":\"https:\/\/kultuurikatel.ee\/en\/events\/ansambel-u-urr-13-island\/#primaryimage\"},\"thumbnailUrl\":\"https:\/\/kultuurikatel.ee\/static\/ansambel-u-at-kultuurikatel.jpg\",\"datePublished\":\"2017-01-17T22:04:19+00:00\",\"dateModified\":\"2017-01-20T09:04:16+00:00\",\"breadcrumb\":{\"@id\":\"https:\/\/kultuurikatel.ee\/en\/events\/ansambel-u-urr-13-island\/#breadcrumb\"},\"inLanguage\":\"en-US\",\"potentialAction\":[{\"@type\":\"ReadAction\",\"target\":[\"https:\/\/kultuurikatel.ee\/en\/events\/ansambel-u-urr-13-island\/\"]}]},{\"@type\":\"ImageObject\",\"inLanguage\":\"en-US\",\"@id\":\"https:\/\/kultuurikatel.ee\/en\/events\/ansambel-u-urr-13-island\/#primaryimage\",\"url\":\"https:\/\/kultuurikatel.ee\/static\/ansambel-u-at-kultuurikatel.jpg\",\"contentUrl\":\"https:\/\/kultuurikatel.ee\/static\/ansambel-u-at-kultuurikatel.jpg\",\"width\":500,\"height\":357},{\"@type\":\"BreadcrumbList\",\"@id\":\"https:\/\/kultuurikatel.ee\/en\/events\/ansambel-u-urr-13-island\/#breadcrumb\",\"itemListElement\":[{\"@type\":\"ListItem\",\"position\":1,\"name\":\"Home\",\"item\":\"https:\/\/kultuurikatel.ee\/en\/\"},{\"@type\":\"ListItem\",\"position\":2,\"name\":\"Ensemble U: Urr-13: Iceland\"}]},{\"@type\":\"WebSite\",\"@id\":\"https:\/\/kultuurikatel.ee\/#website\",\"url\":\"https:\/\/kultuurikatel.ee\/\",\"name\":\"Tallinn Creative Hub\",\"description\":\"\",\"publisher\":{\"@id\":\"https:\/\/kultuurikatel.ee\/#organization\"},\"potentialAction\":[{\"@type\":\"SearchAction\",\"target\":{\"@type\":\"EntryPoint\",\"urlTemplate\":\"https:\/\/kultuurikatel.ee\/?s={search_term_string}\"},\"query-input\":{\"@type\":\"PropertyValueSpecification\",\"valueRequired\":true,\"valueName\":\"search_term_string\"}}],\"inLanguage\":\"en-US\"},{\"@type\":\"Organization\",\"@id\":\"https:\/\/kultuurikatel.ee\/#organization\",\"name\":\"SA Tallinna Kultuurikatel\",\"url\":\"https:\/\/kultuurikatel.ee\/\",\"logo\":{\"@type\":\"ImageObject\",\"inLanguage\":\"en-US\",\"@id\":\"https:\/\/kultuurikatel.ee\/#\/schema\/logo\/image\/\",\"url\":\"https:\/\/kultuurikatel.ee\/static\/Katel_logo.jpg\",\"contentUrl\":\"https:\/\/kultuurikatel.ee\/static\/Katel_logo.jpg\",\"width\":1346,\"height\":1022,\"caption\":\"SA Tallinna Kultuurikatel\"},\"image\":{\"@id\":\"https:\/\/kultuurikatel.ee\/#\/schema\/logo\/image\/\"},\"sameAs\":[\"https:\/\/www.facebook.com\/kultuurikatel\/\",\"https:\/\/www.instagram.com\/kultuurikatel\/\"]}]}<\/script>\n<!-- \/ Yoast SEO plugin. -->","yoast_head_json":{"title":"Ensemble U: Urr-13: Iceland - Tallinn Creative Hub","robots":{"index":"index","follow":"follow","max-snippet":"max-snippet:-1","max-image-preview":"max-image-preview:large","max-video-preview":"max-video-preview:-1"},"canonical":"https:\/\/kultuurikatel.ee\/en\/events\/ansambel-u-urr-13-island\/","og_locale":"en_US","og_type":"article","og_title":"Ensemble U: Urr-13: Iceland - Tallinn Creative Hub","og_url":"https:\/\/kultuurikatel.ee\/en\/events\/ansambel-u-urr-13-island\/","og_site_name":"Tallinn Creative Hub","article_publisher":"https:\/\/www.facebook.com\/kultuurikatel\/","article_modified_time":"2017-01-20T09:04:16+00:00","og_image":[{"width":500,"height":357,"url":"https:\/\/kultuurikatel.ee\/static\/ansambel-u-at-kultuurikatel.jpg","type":"image\/jpeg"}],"twitter_card":"summary_large_image","schema":{"@context":"https:\/\/schema.org","@graph":[{"@type":"WebPage","@id":"https:\/\/kultuurikatel.ee\/en\/events\/ansambel-u-urr-13-island\/","url":"https:\/\/kultuurikatel.ee\/en\/events\/ansambel-u-urr-13-island\/","name":"Ensemble U: Urr-13: Iceland - Tallinn Creative Hub","isPartOf":{"@id":"https:\/\/kultuurikatel.ee\/#website"},"primaryImageOfPage":{"@id":"https:\/\/kultuurikatel.ee\/en\/events\/ansambel-u-urr-13-island\/#primaryimage"},"image":{"@id":"https:\/\/kultuurikatel.ee\/en\/events\/ansambel-u-urr-13-island\/#primaryimage"},"thumbnailUrl":"https:\/\/kultuurikatel.ee\/static\/ansambel-u-at-kultuurikatel.jpg","datePublished":"2017-01-17T22:04:19+00:00","dateModified":"2017-01-20T09:04:16+00:00","breadcrumb":{"@id":"https:\/\/kultuurikatel.ee\/en\/events\/ansambel-u-urr-13-island\/#breadcrumb"},"inLanguage":"en-US","potentialAction":[{"@type":"ReadAction","target":["https:\/\/kultuurikatel.ee\/en\/events\/ansambel-u-urr-13-island\/"]}]},{"@type":"ImageObject","inLanguage":"en-US","@id":"https:\/\/kultuurikatel.ee\/en\/events\/ansambel-u-urr-13-island\/#primaryimage","url":"https:\/\/kultuurikatel.ee\/static\/ansambel-u-at-kultuurikatel.jpg","contentUrl":"https:\/\/kultuurikatel.ee\/static\/ansambel-u-at-kultuurikatel.jpg","width":500,"height":357},{"@type":"BreadcrumbList","@id":"https:\/\/kultuurikatel.ee\/en\/events\/ansambel-u-urr-13-island\/#breadcrumb","itemListElement":[{"@type":"ListItem","position":1,"name":"Home","item":"https:\/\/kultuurikatel.ee\/en\/"},{"@type":"ListItem","position":2,"name":"Ensemble U: Urr-13: Iceland"}]},{"@type":"WebSite","@id":"https:\/\/kultuurikatel.ee\/#website","url":"https:\/\/kultuurikatel.ee\/","name":"Tallinn Creative Hub","description":"","publisher":{"@id":"https:\/\/kultuurikatel.ee\/#organization"},"potentialAction":[{"@type":"SearchAction","target":{"@type":"EntryPoint","urlTemplate":"https:\/\/kultuurikatel.ee\/?s={search_term_string}"},"query-input":{"@type":"PropertyValueSpecification","valueRequired":true,"valueName":"search_term_string"}}],"inLanguage":"en-US"},{"@type":"Organization","@id":"https:\/\/kultuurikatel.ee\/#organization","name":"SA Tallinna Kultuurikatel","url":"https:\/\/kultuurikatel.ee\/","logo":{"@type":"ImageObject","inLanguage":"en-US","@id":"https:\/\/kultuurikatel.ee\/#\/schema\/logo\/image\/","url":"https:\/\/kultuurikatel.ee\/static\/Katel_logo.jpg","contentUrl":"https:\/\/kultuurikatel.ee\/static\/Katel_logo.jpg","width":1346,"height":1022,"caption":"SA Tallinna Kultuurikatel"},"image":{"@id":"https:\/\/kultuurikatel.ee\/#\/schema\/logo\/image\/"},"sameAs":["https:\/\/www.facebook.com\/kultuurikatel\/","https:\/\/www.instagram.com\/kultuurikatel\/"]}]}},"uagb_featured_image_src":{"full":["https:\/\/kultuurikatel.ee\/static\/ansambel-u-at-kultuurikatel.jpg",500,357,false],"thumbnail":["https:\/\/kultuurikatel.ee\/static\/ansambel-u-at-kultuurikatel-500x357.jpg",500,357,true],"medium":["https:\/\/kultuurikatel.ee\/static\/ansambel-u-at-kultuurikatel-250x179.jpg",250,179,true],"medium_large":["https:\/\/kultuurikatel.ee\/static\/ansambel-u-at-kultuurikatel.jpg",500,357,false],"large":["https:\/\/kultuurikatel.ee\/static\/ansambel-u-at-kultuurikatel.jpg",500,357,false],"1536x1536":["https:\/\/kultuurikatel.ee\/static\/ansambel-u-at-kultuurikatel.jpg",500,357,false],"2048x2048":["https:\/\/kultuurikatel.ee\/static\/ansambel-u-at-kultuurikatel.jpg",500,357,false],"event_thumb":["https:\/\/kultuurikatel.ee\/static\/ansambel-u-at-kultuurikatel-360x257.jpg",360,257,true],"small":["https:\/\/kultuurikatel.ee\/static\/ansambel-u-at-kultuurikatel-120x86.jpg",120,86,true],"contact-profile":["https:\/\/kultuurikatel.ee\/static\/ansambel-u-at-kultuurikatel-230x300.jpg",230,300,true],"custom-size":["https:\/\/kultuurikatel.ee\/static\/ansambel-u-at-kultuurikatel.jpg",500,357,false],"event_image":["https:\/\/kultuurikatel.ee\/static\/ansambel-u-at-kultuurikatel.jpg",500,357,false]},"uagb_author_info":{"display_name":"kristiina viires","author_link":"https:\/\/kultuurikatel.ee\/en\/author\/kristiina-viires\/"},"uagb_comment_info":0,"uagb_excerpt":null,"featured_img":"https:\/\/kultuurikatel.ee\/static\/ansambel-u-at-kultuurikatel.jpg","coauthors":[],"author_meta":{"author_link":"https:\/\/kultuurikatel.ee\/en\/author\/kristiina-viires\/","display_name":"kristiina viires"},"relative_dates":{"created":"Posted 9 years ago","modified":"Updated 9 years ago"},"absolute_dates":{"created":"Posted on January 18, 2017","modified":"Updated on January 20, 2017"},"absolute_dates_time":{"created":"Posted on January 18, 2017 00:04","modified":"Updated on January 20, 2017 11:04"},"featured_img_caption":"","tax_additional":{"location_cat":{"linked":[],"unlinked":[],"slug":"location_cat","name":"Location"},"event_category":{"linked":["<a href=\"https:\/\/kultuurikatel.ee\/en\/event_category\/kontsert-en\/\" class=\"advgb-post-tax-term\">Concert<\/a>"],"unlinked":["<span class=\"advgb-post-tax-term\">Concert<\/span>"],"slug":"event_category","name":"Types"}},"series_order":"","jetpack_sharing_enabled":true,"_links":{"self":[{"href":"https:\/\/kultuurikatel.ee\/en\/wp-json\/wp\/v2\/events\/3275","targetHints":{"allow":["GET"]}}],"collection":[{"href":"https:\/\/kultuurikatel.ee\/en\/wp-json\/wp\/v2\/events"}],"about":[{"href":"https:\/\/kultuurikatel.ee\/en\/wp-json\/wp\/v2\/types\/events"}],"author":[{"embeddable":true,"href":"https:\/\/kultuurikatel.ee\/en\/wp-json\/wp\/v2\/users\/13"}],"version-history":[{"count":1,"href":"https:\/\/kultuurikatel.ee\/en\/wp-json\/wp\/v2\/events\/3275\/revisions"}],"predecessor-version":[{"id":3276,"href":"https:\/\/kultuurikatel.ee\/en\/wp-json\/wp\/v2\/events\/3275\/revisions\/3276"}],"wp:featuredmedia":[{"embeddable":true,"href":"https:\/\/kultuurikatel.ee\/en\/wp-json\/wp\/v2\/media\/3236"}],"wp:attachment":[{"href":"https:\/\/kultuurikatel.ee\/en\/wp-json\/wp\/v2\/media?parent=3275"}],"wp:term":[{"taxonomy":"location_cat","embeddable":true,"href":"https:\/\/kultuurikatel.ee\/en\/wp-json\/wp\/v2\/location_cat?post=3275"},{"taxonomy":"event_category","embeddable":true,"href":"https:\/\/kultuurikatel.ee\/en\/wp-json\/wp\/v2\/event_category?post=3275"}],"curies":[{"name":"wp","href":"https:\/\/api.w.org\/{rel}","templated":true}]}}