{"id":3663,"date":"2017-02-27T14:19:18","date_gmt":"2017-02-27T12:19:18","guid":{"rendered":"https:\/\/kultuurikatel.ee\/?post_type=events&#038;p=3663\/"},"modified":"2017-03-16T15:37:52","modified_gmt":"2017-03-16T13:37:52","slug":"katcha-bileki-uk-ettekanne-eetika-ja-saastlikkus-disainis","status":"publish","type":"events","link":"https:\/\/kultuurikatel.ee\/en\/events\/katcha-bileki-uk-ettekanne-eetika-ja-saastlikkus-disainis\/","title":{"rendered":"Talk &#8220;Ethics and sustainability in design&#8221; by Katcha Bilek (UK). Moderated Q&#038;A session by Reet Aus."},"content":{"rendered":"","protected":false},"excerpt":{"rendered":"","protected":false},"author":13,"featured_media":3642,"parent":0,"menu_order":0,"template":"","meta":{"_acf_changed":false,"_uag_custom_page_level_css":"","advgb_blocks_editor_width":"","advgb_blocks_columns_visual_guide":"","_exactmetrics_skip_tracking":false,"_exactmetrics_sitenote_active":false,"_exactmetrics_sitenote_note":"","_exactmetrics_sitenote_category":0,"footnotes":""},"location_cat":[],"event_category":[67],"class_list":["post-3663","events","type-events","status-publish","has-post-thumbnail","hentry","event_category-loeng-en"],"better_featured_image":{"id":3642,"alt_text":"","caption":"","description":"","media_type":"image","media_details":{"width":600,"height":400,"file":"underthebanksysign.jpg","sizes":{"medium":{"file":"underthebanksysign-250x167.jpg","width":250,"height":167,"mime-type":"image\/jpeg","source_url":"https:\/\/kultuurikatel.ee\/static\/underthebanksysign-250x167.jpg"},"thumbnail":{"file":"underthebanksysign-500x357.jpg","width":500,"height":357,"mime-type":"image\/jpeg","source_url":"https:\/\/kultuurikatel.ee\/static\/underthebanksysign-500x357.jpg"},"event_thumb":{"file":"underthebanksysign-360x240.jpg","width":360,"height":240,"mime-type":"image\/jpeg","source_url":"https:\/\/kultuurikatel.ee\/static\/underthebanksysign-360x240.jpg"},"small":{"file":"underthebanksysign-120x80.jpg","width":120,"height":80,"mime-type":"image\/jpeg","source_url":"https:\/\/kultuurikatel.ee\/static\/underthebanksysign-120x80.jpg"},"contact-profile":{"file":"underthebanksysign-230x300.jpg","width":230,"height":300,"mime-type":"image\/jpeg","source_url":"https:\/\/kultuurikatel.ee\/static\/underthebanksysign-230x300.jpg"},"event_image":{"file":"underthebanksysign-540x360.jpg","width":540,"height":360,"mime-type":"image\/jpeg","source_url":"https:\/\/kultuurikatel.ee\/static\/underthebanksysign-540x360.jpg"}},"image_meta":{"aperture":"0","credit":"","camera":"","caption":"","created_timestamp":"0","copyright":"","focal_length":"0","iso":"0","shutter_speed":"0","title":"","orientation":"0","keywords":[]}},"post":3663,"source_url":"https:\/\/kultuurikatel.ee\/static\/underthebanksysign.jpg"},"acf":{"expires":true,"expire_date":"20170320","featured_event":true,"event_featured_image":"https:\/\/kultuurikatel.ee\/static\/kat-at-work.png","event_title":"","event_days":false,"event_date":"20170319","add_time":true,"event_organizer":"SA Tallinna Kultuurikatel, SA Tallinna Ettev\u00f5tlusinkubaatorid","ticket_buy":true,"ticket_info":"<p>Sissep\u00e4\u00e4s on tasuta, aga eelregistreerimisega: http:\/\/bit.ly\/2lXbBlX<\/p>\n","facebook_event_link":"https:\/\/www.facebook.com\/events\/1331712450227159\/","event_images":[{"image":"https:\/\/kultuurikatel.ee\/static\/DSC_4142-scaled.jpg"},{"image":"https:\/\/kultuurikatel.ee\/static\/DSC_3351-scaled.jpg"},{"image":"https:\/\/kultuurikatel.ee\/static\/DSC_3873-scaled.jpg"},{"image":"https:\/\/kultuurikatel.ee\/static\/DSC_3751-scaled.jpg"},{"image":"https:\/\/kultuurikatel.ee\/static\/DSC_4062-scaled.jpg"},{"image":"https:\/\/kultuurikatel.ee\/static\/ewan.jpeg"}],"website_link":"","youtube_channel":"","linkedin_account":"","layout_container":[{"acf_fc_layout":"text_block","text":"<p>Tallinn Creative Hub and Tallinn Business Incubators present:<\/p>\n<p><strong>Talk &#8220;Ethics and sustainability in design: Innovation and purpose, challenges and obstacles&#8221; by Katcha Bilek (UK). Moderated Q&amp;A session by Reet Aus, a fashion, theatre and film designer, and a founder of the Laboratory for Sustainable Design at the Estonian Art Academy, after the talk.<\/strong><\/p>\n<p>&nbsp;<\/p>\n<p><strong>Katcha Bilek will speak about\u00a0<\/strong><\/p>\n<p>1. Journey to becoming a fashion designer and entrepreneur: we are all individuals and one cannot expect to follow a set pattern. Embrace your individuality (as I have learned to!).<\/p>\n<p>2. Inspiration through upcycling: the pros and cons of designing with and re-using materials.<\/p>\n<p>3. Activism in design: Ethics and sustainability are fundamental.<\/p>\n<p>4. Relevance, purpose and transparency in the superficial world of fashion: How can we make a change in an industry that has a reputation for frivolity?<\/p>\n<p>&nbsp;<\/p>\n<p><b>Katcha Bilek<\/b><\/p>\n<p>With her zero-waste attitude, Katcha Bilek has been pioneering eco-design and eco-fashion long before the terms had been coined. After living an interesting yet frugal life (living &amp; travelling in a self-converted 1960s fire-engine) Katcha settled down in 2008 to start her family and her sustainable fashion accessories business. Both are flourishing. She&#8217;s a recognised designer in her field and uses her position not only to create beautiful designs but also to make a difference to social and environmental issues in fashion.<\/p>\n<p>Katcha Bilek: \u201cI am a designer and multi-disciplinary sculptor with a strong emphasis on sustainability, recycling and the environment. My work engages with three crucial and interlinked concerns of our age \u2013 consumption, production and waste. Using discarded industrial materials, I comment, with humour, on issues within capitalist production culture, while keeping waste materials out of landfill. Waste materials from industry are some of the most environmentally problematic on a global scale, and my practice draws attention to this. As an artist and designer, my focus is on making a positive contribution by engaging with environmental and social causes.\u201d<\/p>\n<p><strong>Get inspired \/\u00a0<a href=\"http:\/\/www.katchabilek.com\/\" target=\"_blank\">www.katchabilek.com<\/a>\u00a0\/\u00a0<a href=\"http:\/\/www.reetaus.com\/\" target=\"_blank\">www.reetaus.com<\/a><\/strong><\/p>\n<p>The talk and discussion will be held in English. Free entrance, but pre-registration is required: <a href=\"http:\/\/bit.ly\/2lXbBlX\" target=\"_blank\">http:\/\/bit.ly\/2lXbBlX<\/a><\/p>\n<p>All are welcome!<\/p>\n<p>&nbsp;<\/p>\n<p>The talk is organised in collaboration between Tallinn Creative Hub and Tallinn Business Incubators.<\/p>\n<p>Enterprise Estonia is supporting the talk through the project \u201eDeveloping Tallinn Creative Incubator and providing high-quality diverse supportive services to starting businesses\u201c (EU49110).<\/p>\n<p>&nbsp;<\/p>\n<p>Information:\u00a0Dagmar Kase \/ dagmar.kase@kultuurikatel.ee \/ +372 58 874 921 \/ www.kultuurikatel.ee<\/p>\n"}],"event_price":"Free entrance, but pre-registration is required:","event_payment_link":"http:\/\/bit.ly\/2lXbBlX","event_start_time":"14:00","event_end_time":"15:45"},"yoast_head":"<!-- This site is optimized with the Yoast SEO plugin v27.1.1 - https:\/\/yoast.com\/product\/yoast-seo-wordpress\/ -->\n<title>Talk &quot;Ethics and sustainability in design&quot; by Katcha Bilek (UK). Moderated Q&amp;A session by Reet Aus. - Tallinn Creative Hub<\/title>\n<meta name=\"robots\" content=\"index, follow, max-snippet:-1, max-image-preview:large, max-video-preview:-1\" \/>\n<link rel=\"canonical\" href=\"https:\/\/kultuurikatel.ee\/en\/events\/katcha-bileki-uk-ettekanne-eetika-ja-saastlikkus-disainis\/\" \/>\n<meta property=\"og:locale\" content=\"en_US\" \/>\n<meta property=\"og:type\" content=\"article\" \/>\n<meta property=\"og:title\" content=\"Talk &quot;Ethics and sustainability in design&quot; by Katcha Bilek (UK). Moderated Q&amp;A session by Reet Aus. - Tallinn Creative Hub\" \/>\n<meta property=\"og:url\" content=\"https:\/\/kultuurikatel.ee\/en\/events\/katcha-bileki-uk-ettekanne-eetika-ja-saastlikkus-disainis\/\" \/>\n<meta property=\"og:site_name\" content=\"Tallinn Creative Hub\" \/>\n<meta property=\"article:publisher\" content=\"https:\/\/www.facebook.com\/kultuurikatel\/\" \/>\n<meta property=\"article:modified_time\" content=\"2017-03-16T13:37:52+00:00\" \/>\n<meta property=\"og:image\" content=\"https:\/\/kultuurikatel.ee\/static\/underthebanksysign.jpg\" \/>\n\t<meta property=\"og:image:width\" content=\"600\" \/>\n\t<meta property=\"og:image:height\" content=\"400\" \/>\n\t<meta property=\"og:image:type\" content=\"image\/jpeg\" \/>\n<meta name=\"twitter:card\" content=\"summary_large_image\" \/>\n<script type=\"application\/ld+json\" class=\"yoast-schema-graph\">{\"@context\":\"https:\/\/schema.org\",\"@graph\":[{\"@type\":\"WebPage\",\"@id\":\"https:\/\/kultuurikatel.ee\/en\/events\/katcha-bileki-uk-ettekanne-eetika-ja-saastlikkus-disainis\/\",\"url\":\"https:\/\/kultuurikatel.ee\/en\/events\/katcha-bileki-uk-ettekanne-eetika-ja-saastlikkus-disainis\/\",\"name\":\"Talk \\\"Ethics and sustainability in design\\\" by Katcha Bilek (UK). Moderated Q&A session by Reet Aus. - Tallinn Creative Hub\",\"isPartOf\":{\"@id\":\"https:\/\/kultuurikatel.ee\/#website\"},\"primaryImageOfPage\":{\"@id\":\"https:\/\/kultuurikatel.ee\/en\/events\/katcha-bileki-uk-ettekanne-eetika-ja-saastlikkus-disainis\/#primaryimage\"},\"image\":{\"@id\":\"https:\/\/kultuurikatel.ee\/en\/events\/katcha-bileki-uk-ettekanne-eetika-ja-saastlikkus-disainis\/#primaryimage\"},\"thumbnailUrl\":\"https:\/\/kultuurikatel.ee\/static\/underthebanksysign.jpg\",\"datePublished\":\"2017-02-27T12:19:18+00:00\",\"dateModified\":\"2017-03-16T13:37:52+00:00\",\"breadcrumb\":{\"@id\":\"https:\/\/kultuurikatel.ee\/en\/events\/katcha-bileki-uk-ettekanne-eetika-ja-saastlikkus-disainis\/#breadcrumb\"},\"inLanguage\":\"en-US\",\"potentialAction\":[{\"@type\":\"ReadAction\",\"target\":[\"https:\/\/kultuurikatel.ee\/en\/events\/katcha-bileki-uk-ettekanne-eetika-ja-saastlikkus-disainis\/\"]}]},{\"@type\":\"ImageObject\",\"inLanguage\":\"en-US\",\"@id\":\"https:\/\/kultuurikatel.ee\/en\/events\/katcha-bileki-uk-ettekanne-eetika-ja-saastlikkus-disainis\/#primaryimage\",\"url\":\"https:\/\/kultuurikatel.ee\/static\/underthebanksysign.jpg\",\"contentUrl\":\"https:\/\/kultuurikatel.ee\/static\/underthebanksysign.jpg\",\"width\":600,\"height\":400},{\"@type\":\"BreadcrumbList\",\"@id\":\"https:\/\/kultuurikatel.ee\/en\/events\/katcha-bileki-uk-ettekanne-eetika-ja-saastlikkus-disainis\/#breadcrumb\",\"itemListElement\":[{\"@type\":\"ListItem\",\"position\":1,\"name\":\"Home\",\"item\":\"https:\/\/kultuurikatel.ee\/en\/\"},{\"@type\":\"ListItem\",\"position\":2,\"name\":\"Talk &#8220;Ethics and sustainability in design&#8221; by Katcha Bilek (UK). Moderated Q&#038;A session by Reet Aus.\"}]},{\"@type\":\"WebSite\",\"@id\":\"https:\/\/kultuurikatel.ee\/#website\",\"url\":\"https:\/\/kultuurikatel.ee\/\",\"name\":\"Tallinn Creative Hub\",\"description\":\"\",\"publisher\":{\"@id\":\"https:\/\/kultuurikatel.ee\/#organization\"},\"potentialAction\":[{\"@type\":\"SearchAction\",\"target\":{\"@type\":\"EntryPoint\",\"urlTemplate\":\"https:\/\/kultuurikatel.ee\/?s={search_term_string}\"},\"query-input\":{\"@type\":\"PropertyValueSpecification\",\"valueRequired\":true,\"valueName\":\"search_term_string\"}}],\"inLanguage\":\"en-US\"},{\"@type\":\"Organization\",\"@id\":\"https:\/\/kultuurikatel.ee\/#organization\",\"name\":\"SA Tallinna Kultuurikatel\",\"url\":\"https:\/\/kultuurikatel.ee\/\",\"logo\":{\"@type\":\"ImageObject\",\"inLanguage\":\"en-US\",\"@id\":\"https:\/\/kultuurikatel.ee\/#\/schema\/logo\/image\/\",\"url\":\"https:\/\/kultuurikatel.ee\/static\/Katel_logo.jpg\",\"contentUrl\":\"https:\/\/kultuurikatel.ee\/static\/Katel_logo.jpg\",\"width\":1346,\"height\":1022,\"caption\":\"SA Tallinna Kultuurikatel\"},\"image\":{\"@id\":\"https:\/\/kultuurikatel.ee\/#\/schema\/logo\/image\/\"},\"sameAs\":[\"https:\/\/www.facebook.com\/kultuurikatel\/\",\"https:\/\/www.instagram.com\/kultuurikatel\/\"]}]}<\/script>\n<!-- \/ Yoast SEO plugin. -->","yoast_head_json":{"title":"Talk \"Ethics and sustainability in design\" by Katcha Bilek (UK). Moderated Q&A session by Reet Aus. - Tallinn Creative Hub","robots":{"index":"index","follow":"follow","max-snippet":"max-snippet:-1","max-image-preview":"max-image-preview:large","max-video-preview":"max-video-preview:-1"},"canonical":"https:\/\/kultuurikatel.ee\/en\/events\/katcha-bileki-uk-ettekanne-eetika-ja-saastlikkus-disainis\/","og_locale":"en_US","og_type":"article","og_title":"Talk \"Ethics and sustainability in design\" by Katcha Bilek (UK). Moderated Q&A session by Reet Aus. - Tallinn Creative Hub","og_url":"https:\/\/kultuurikatel.ee\/en\/events\/katcha-bileki-uk-ettekanne-eetika-ja-saastlikkus-disainis\/","og_site_name":"Tallinn Creative Hub","article_publisher":"https:\/\/www.facebook.com\/kultuurikatel\/","article_modified_time":"2017-03-16T13:37:52+00:00","og_image":[{"width":600,"height":400,"url":"https:\/\/kultuurikatel.ee\/static\/underthebanksysign.jpg","type":"image\/jpeg"}],"twitter_card":"summary_large_image","schema":{"@context":"https:\/\/schema.org","@graph":[{"@type":"WebPage","@id":"https:\/\/kultuurikatel.ee\/en\/events\/katcha-bileki-uk-ettekanne-eetika-ja-saastlikkus-disainis\/","url":"https:\/\/kultuurikatel.ee\/en\/events\/katcha-bileki-uk-ettekanne-eetika-ja-saastlikkus-disainis\/","name":"Talk \"Ethics and sustainability in design\" by Katcha Bilek (UK). Moderated Q&A session by Reet Aus. - Tallinn Creative Hub","isPartOf":{"@id":"https:\/\/kultuurikatel.ee\/#website"},"primaryImageOfPage":{"@id":"https:\/\/kultuurikatel.ee\/en\/events\/katcha-bileki-uk-ettekanne-eetika-ja-saastlikkus-disainis\/#primaryimage"},"image":{"@id":"https:\/\/kultuurikatel.ee\/en\/events\/katcha-bileki-uk-ettekanne-eetika-ja-saastlikkus-disainis\/#primaryimage"},"thumbnailUrl":"https:\/\/kultuurikatel.ee\/static\/underthebanksysign.jpg","datePublished":"2017-02-27T12:19:18+00:00","dateModified":"2017-03-16T13:37:52+00:00","breadcrumb":{"@id":"https:\/\/kultuurikatel.ee\/en\/events\/katcha-bileki-uk-ettekanne-eetika-ja-saastlikkus-disainis\/#breadcrumb"},"inLanguage":"en-US","potentialAction":[{"@type":"ReadAction","target":["https:\/\/kultuurikatel.ee\/en\/events\/katcha-bileki-uk-ettekanne-eetika-ja-saastlikkus-disainis\/"]}]},{"@type":"ImageObject","inLanguage":"en-US","@id":"https:\/\/kultuurikatel.ee\/en\/events\/katcha-bileki-uk-ettekanne-eetika-ja-saastlikkus-disainis\/#primaryimage","url":"https:\/\/kultuurikatel.ee\/static\/underthebanksysign.jpg","contentUrl":"https:\/\/kultuurikatel.ee\/static\/underthebanksysign.jpg","width":600,"height":400},{"@type":"BreadcrumbList","@id":"https:\/\/kultuurikatel.ee\/en\/events\/katcha-bileki-uk-ettekanne-eetika-ja-saastlikkus-disainis\/#breadcrumb","itemListElement":[{"@type":"ListItem","position":1,"name":"Home","item":"https:\/\/kultuurikatel.ee\/en\/"},{"@type":"ListItem","position":2,"name":"Talk &#8220;Ethics and sustainability in design&#8221; by Katcha Bilek (UK). Moderated Q&#038;A session by Reet Aus."}]},{"@type":"WebSite","@id":"https:\/\/kultuurikatel.ee\/#website","url":"https:\/\/kultuurikatel.ee\/","name":"Tallinn Creative Hub","description":"","publisher":{"@id":"https:\/\/kultuurikatel.ee\/#organization"},"potentialAction":[{"@type":"SearchAction","target":{"@type":"EntryPoint","urlTemplate":"https:\/\/kultuurikatel.ee\/?s={search_term_string}"},"query-input":{"@type":"PropertyValueSpecification","valueRequired":true,"valueName":"search_term_string"}}],"inLanguage":"en-US"},{"@type":"Organization","@id":"https:\/\/kultuurikatel.ee\/#organization","name":"SA Tallinna Kultuurikatel","url":"https:\/\/kultuurikatel.ee\/","logo":{"@type":"ImageObject","inLanguage":"en-US","@id":"https:\/\/kultuurikatel.ee\/#\/schema\/logo\/image\/","url":"https:\/\/kultuurikatel.ee\/static\/Katel_logo.jpg","contentUrl":"https:\/\/kultuurikatel.ee\/static\/Katel_logo.jpg","width":1346,"height":1022,"caption":"SA Tallinna Kultuurikatel"},"image":{"@id":"https:\/\/kultuurikatel.ee\/#\/schema\/logo\/image\/"},"sameAs":["https:\/\/www.facebook.com\/kultuurikatel\/","https:\/\/www.instagram.com\/kultuurikatel\/"]}]}},"uagb_featured_image_src":{"full":["https:\/\/kultuurikatel.ee\/static\/underthebanksysign.jpg",600,400,false],"thumbnail":["https:\/\/kultuurikatel.ee\/static\/underthebanksysign-500x357.jpg",500,357,true],"medium":["https:\/\/kultuurikatel.ee\/static\/underthebanksysign-250x167.jpg",250,167,true],"medium_large":["https:\/\/kultuurikatel.ee\/static\/underthebanksysign.jpg",600,400,false],"large":["https:\/\/kultuurikatel.ee\/static\/underthebanksysign.jpg",600,400,false],"1536x1536":["https:\/\/kultuurikatel.ee\/static\/underthebanksysign.jpg",600,400,false],"2048x2048":["https:\/\/kultuurikatel.ee\/static\/underthebanksysign.jpg",600,400,false],"event_thumb":["https:\/\/kultuurikatel.ee\/static\/underthebanksysign-360x240.jpg",360,240,true],"small":["https:\/\/kultuurikatel.ee\/static\/underthebanksysign-120x80.jpg",120,80,true],"contact-profile":["https:\/\/kultuurikatel.ee\/static\/underthebanksysign-230x300.jpg",230,300,true],"custom-size":["https:\/\/kultuurikatel.ee\/static\/underthebanksysign.jpg",600,400,false],"event_image":["https:\/\/kultuurikatel.ee\/static\/underthebanksysign-540x360.jpg",540,360,true]},"uagb_author_info":{"display_name":"kristiina viires","author_link":"https:\/\/kultuurikatel.ee\/en\/author\/kristiina-viires\/"},"uagb_comment_info":0,"uagb_excerpt":null,"featured_img":"https:\/\/kultuurikatel.ee\/static\/underthebanksysign.jpg","coauthors":[],"author_meta":{"author_link":"https:\/\/kultuurikatel.ee\/en\/author\/kristiina-viires\/","display_name":"kristiina viires"},"relative_dates":{"created":"Posted 9 years ago","modified":"Updated 9 years ago"},"absolute_dates":{"created":"Posted on February 27, 2017","modified":"Updated on March 16, 2017"},"absolute_dates_time":{"created":"Posted on February 27, 2017 14:19","modified":"Updated on March 16, 2017 15:37"},"featured_img_caption":"","tax_additional":{"location_cat":{"linked":[],"unlinked":[],"slug":"location_cat","name":"Location"},"event_category":{"linked":["<a href=\"https:\/\/kultuurikatel.ee\/en\/event_category\/loeng-en\/\" class=\"advgb-post-tax-term\">Talk<\/a>"],"unlinked":["<span class=\"advgb-post-tax-term\">Talk<\/span>"],"slug":"event_category","name":"Types"}},"series_order":"","jetpack_sharing_enabled":true,"_links":{"self":[{"href":"https:\/\/kultuurikatel.ee\/en\/wp-json\/wp\/v2\/events\/3663","targetHints":{"allow":["GET"]}}],"collection":[{"href":"https:\/\/kultuurikatel.ee\/en\/wp-json\/wp\/v2\/events"}],"about":[{"href":"https:\/\/kultuurikatel.ee\/en\/wp-json\/wp\/v2\/types\/events"}],"author":[{"embeddable":true,"href":"https:\/\/kultuurikatel.ee\/en\/wp-json\/wp\/v2\/users\/13"}],"version-history":[{"count":1,"href":"https:\/\/kultuurikatel.ee\/en\/wp-json\/wp\/v2\/events\/3663\/revisions"}],"predecessor-version":[{"id":3664,"href":"https:\/\/kultuurikatel.ee\/en\/wp-json\/wp\/v2\/events\/3663\/revisions\/3664"}],"wp:featuredmedia":[{"embeddable":true,"href":"https:\/\/kultuurikatel.ee\/en\/wp-json\/wp\/v2\/media\/3642"}],"wp:attachment":[{"href":"https:\/\/kultuurikatel.ee\/en\/wp-json\/wp\/v2\/media?parent=3663"}],"wp:term":[{"taxonomy":"location_cat","embeddable":true,"href":"https:\/\/kultuurikatel.ee\/en\/wp-json\/wp\/v2\/location_cat?post=3663"},{"taxonomy":"event_category","embeddable":true,"href":"https:\/\/kultuurikatel.ee\/en\/wp-json\/wp\/v2\/event_category?post=3663"}],"curies":[{"name":"wp","href":"https:\/\/api.w.org\/{rel}","templated":true}]}}