{"id":7480,"date":"2018-05-30T11:17:39","date_gmt":"2018-05-30T08:17:39","guid":{"rendered":"https:\/\/kultuurikatel.ee\/events\/tallinna-xvii-graafikatriennaali-noortenaituse-sfaarid-ii-osa\/"},"modified":"2018-07-16T09:18:55","modified_gmt":"2018-07-16T06:18:55","slug":"tallinna-xvii-graafikatriennaali-noortenaituse-sfaarid-ii-osa","status":"publish","type":"events","link":"https:\/\/kultuurikatel.ee\/en\/events\/tallinna-xvii-graafikatriennaali-noortenaituse-sfaarid-ii-osa\/","title":{"rendered":"17th Tallinn Print Triennial | Youth exhibition: \u2018Spheres\u2019 Part II"},"content":{"rendered":"","protected":false},"excerpt":{"rendered":"","protected":false},"author":13,"featured_media":7455,"parent":0,"menu_order":0,"template":"","meta":{"_acf_changed":false,"_uag_custom_page_level_css":"","advgb_blocks_editor_width":"","advgb_blocks_columns_visual_guide":"","_exactmetrics_skip_tracking":false,"_exactmetrics_sitenote_active":false,"_exactmetrics_sitenote_note":"","_exactmetrics_sitenote_category":0,"footnotes":""},"location_cat":[],"event_category":[123],"class_list":["post-7480","events","type-events","status-publish","has-post-thumbnail","hentry","event_category-naitus-en"],"better_featured_image":{"id":7455,"alt_text":"","caption":"","description":"","media_type":"image","media_details":{"width":2000,"height":1042,"file":"0106-2.jpg","sizes":{"thumbnail":{"file":"0106-2-500x357.jpg","width":500,"height":357,"mime-type":"image\/jpeg","source_url":"https:\/\/kultuurikatel.ee\/static\/0106-2-500x357.jpg"},"medium":{"file":"0106-2-300x156.jpg","width":300,"height":156,"mime-type":"image\/jpeg","source_url":"https:\/\/kultuurikatel.ee\/static\/0106-2-300x156.jpg"},"medium_large":{"file":"0106-2-768x400.jpg","width":768,"height":400,"mime-type":"image\/jpeg","source_url":"https:\/\/kultuurikatel.ee\/static\/0106-2-768x400.jpg"},"large":{"file":"0106-2-1024x534.jpg","width":1024,"height":534,"mime-type":"image\/jpeg","source_url":"https:\/\/kultuurikatel.ee\/static\/0106-2-1024x534.jpg"},"post-thumbnail":{"file":"0106-2-500x357.jpg","width":500,"height":357,"mime-type":"image\/jpeg","source_url":"https:\/\/kultuurikatel.ee\/static\/0106-2-500x357.jpg"},"gallery-port":{"file":"0106-2-373x559.jpg","width":373,"height":559,"mime-type":"image\/jpeg","source_url":"https:\/\/kultuurikatel.ee\/static\/0106-2-373x559.jpg"},"gallery-land":{"file":"0106-2-786x442.jpg","width":786,"height":442,"mime-type":"image\/jpeg","source_url":"https:\/\/kultuurikatel.ee\/static\/0106-2-786x442.jpg"},"events":{"file":"0106-2-530x1042.jpg","width":530,"height":1042,"mime-type":"image\/jpeg","source_url":"https:\/\/kultuurikatel.ee\/static\/0106-2-530x1042.jpg"},"events-xl":{"file":"0106-2-918x656.jpg","width":918,"height":656,"mime-type":"image\/jpeg","source_url":"https:\/\/kultuurikatel.ee\/static\/0106-2-918x656.jpg"},"events-big":{"file":"0106-2-650x464.jpg","width":650,"height":464,"mime-type":"image\/jpeg","source_url":"https:\/\/kultuurikatel.ee\/static\/0106-2-650x464.jpg"},"events-medium":{"file":"0106-2-500x357.jpg","width":500,"height":357,"mime-type":"image\/jpeg","source_url":"https:\/\/kultuurikatel.ee\/static\/0106-2-500x357.jpg"},"events-small":{"file":"0106-2-300x214.jpg","width":300,"height":214,"mime-type":"image\/jpeg","source_url":"https:\/\/kultuurikatel.ee\/static\/0106-2-300x214.jpg"},"events-main":{"file":"0106-2-1368x550.jpg","width":1368,"height":550,"mime-type":"image\/jpeg","source_url":"https:\/\/kultuurikatel.ee\/static\/0106-2-1368x550.jpg"}},"image_meta":{"aperture":"0","credit":"","camera":"","caption":"","created_timestamp":"0","copyright":"","focal_length":"0","iso":"0","shutter_speed":"0","title":"","orientation":"0","keywords":[]}},"post":7480,"source_url":"https:\/\/kultuurikatel.ee\/static\/0106-2.jpg"},"acf":{"expires":true,"expire_date":"20180717","featured_event":true,"event_featured_image":"https:\/\/kultuurikatel.ee\/static\/0106-2.jpg","event_title":"","event_days":true,"event_date":"20180601","end_date":"20180720","add_time":true,"event_organizer":"Graphics Department, Estonian Academy of Arts","ticket_buy":false,"ticket_info":"<p>Admission free. <strong>Open until Friday, 20 July 12:00-17:00.<\/strong><\/p>\n","facebook_event_link":"https:\/\/www.facebook.com\/events\/2087631464858439\/","facebook_event_link_text":"","event_images":false,"website_link":"","youtube_channel":"","linkedin_account":"","layout_container":[{"acf_fc_layout":"text_block","text":"<p><strong>The programme of events accompanying the Tallinn Print Triennial has included youth and student exhibitions since 1998. The youth exhibition forming part of this year\u2019s triennial, \u2018Spheres\u2019, is designed to investigate the situation in which people find themselves today, using a sphere as a conceptual metaphor. Philosopher and cultural theorist Peter Sloterdijk claims that spheres are hybrid, symbolic realities, co-existence spaces which are created using available resources and which enable people to exist as people. All of life takes place within protective membranes that offer us meaning and immunity.<\/strong><\/p>\n<p>There are three types of sphere. Bubbles are microspheres and the smallest units of social existence, formed by the dyadic relationships between two entities. Globes are all-encompassing macrospheres which seek to bring together in themselves all individual differences as a single whole. Foam is the fragile and multi-layered body of microspheres lying in parallel to one another horizontally and vertically. The bubbles within the foam are characterised by co-fragility: when one bubble bursts, it affects those surrounding it.<\/p>\n<p><strong>Artists contributing to exhibition: <\/strong>Valentin Alizer, Ann Pajuv\u00e4li, Mark Antonius Puhkan, Irma Isabella Raabe, Kadi Reintamm, Elina Saat, Kristina Mirjam Villand and S3+A1 (Delija Thakur, Helga Aliis Saarlen, Elise Roos &amp; Patrik Olej\u0148\u00e1k)<\/p>\n<p><strong>Curators:<\/strong> Eve Kask &amp; Oliver Laas<\/p>\n<p><strong>Designer:<\/strong> Delija Thakur | <strong>Graphic designer:<\/strong> Kerli Virk<\/p>\n<p><strong>Creative Hub working group:<\/strong> Kaspar Aasrand, Emilia Furs, T\u00f5nis Laurson, Sidney Lepp, Riin Maide, Oskar Poll, Carl Kristian Johannes Suvanto, Raimond Varik and Stefani Vissel<\/p>\n<p><strong>With thanks to:<\/strong> Hooandja crowdfunding platform, Cultural Endowment of Estonia, Estonian Academy of Arts (Department of Photography, Gallery, Graphics Department, Department of Interior Architecture, Foreign Relations Department and student council), Contemporary Art Museum of Estonia, French Institute in Estonia, Art Allm\u00e4gi, Kaie Anderson, Isaline Catteau, Karmen Eller, Rein Erdel, Quentin Fort, Birgit Israel, Martin J\u00f5ela, Laur Kivistik, Jaan Kompus, Kr\u00f5\u00f5t Kukkur, Max Kroonmann, Eeros Lees, Lauri Lest, Minni Tang, Marko Nautras, Kristi Niit, Laura N\u00f5mmik, Linda M\u00e4gi, Lucas Pastor, Mihkel Pogga, Urmas Puhkan, Alar &amp; Marju Raabe, Martin Riimak, Quentin Saintpierre, Liis Selder, Liina Siib, Caroline Solievna, Elnara Taidre, Gregor &amp; Christin Taul, Monika Thakur, Nele Marie Tiidelepp, Tarmo Tilsen, Avo Tragel, Martiina Viil, Kersti Villand, Tormi Voksepp and Kadi-Maarja V\u00f5su<\/p>\n<p>&nbsp;<\/p>\n<hr \/>\n<p><strong>Admission is free of charge.\u00a0The exhibition is open from 12:00-17:00 Monday-Friday.<\/strong><\/p>\n"}],"event_start_time":"12:00","event_end_time":"17:00"},"yoast_head":"<!-- This site is optimized with the Yoast SEO plugin v27.1.1 - https:\/\/yoast.com\/product\/yoast-seo-wordpress\/ -->\n<title>17th Tallinn Print Triennial | Youth exhibition: \u2018Spheres\u2019 Part II - Tallinn Creative Hub<\/title>\n<meta name=\"robots\" content=\"index, follow, max-snippet:-1, max-image-preview:large, max-video-preview:-1\" \/>\n<link rel=\"canonical\" href=\"https:\/\/kultuurikatel.ee\/en\/events\/tallinna-xvii-graafikatriennaali-noortenaituse-sfaarid-ii-osa\/\" \/>\n<meta property=\"og:locale\" content=\"en_US\" \/>\n<meta property=\"og:type\" content=\"article\" \/>\n<meta property=\"og:title\" content=\"17th Tallinn Print Triennial | Youth exhibition: \u2018Spheres\u2019 Part II - Tallinn Creative Hub\" \/>\n<meta property=\"og:url\" content=\"https:\/\/kultuurikatel.ee\/en\/events\/tallinna-xvii-graafikatriennaali-noortenaituse-sfaarid-ii-osa\/\" \/>\n<meta property=\"og:site_name\" content=\"Tallinn Creative Hub\" \/>\n<meta property=\"article:publisher\" content=\"https:\/\/www.facebook.com\/kultuurikatel\/\" \/>\n<meta property=\"article:modified_time\" content=\"2018-07-16T06:18:55+00:00\" \/>\n<meta property=\"og:image\" content=\"https:\/\/kultuurikatel.ee\/static\/0106-2.jpg\" \/>\n\t<meta property=\"og:image:width\" content=\"2000\" \/>\n\t<meta property=\"og:image:height\" content=\"1042\" \/>\n\t<meta property=\"og:image:type\" content=\"image\/jpeg\" \/>\n<meta name=\"twitter:card\" content=\"summary_large_image\" \/>\n<script type=\"application\/ld+json\" class=\"yoast-schema-graph\">{\"@context\":\"https:\/\/schema.org\",\"@graph\":[{\"@type\":\"WebPage\",\"@id\":\"https:\/\/kultuurikatel.ee\/en\/events\/tallinna-xvii-graafikatriennaali-noortenaituse-sfaarid-ii-osa\/\",\"url\":\"https:\/\/kultuurikatel.ee\/en\/events\/tallinna-xvii-graafikatriennaali-noortenaituse-sfaarid-ii-osa\/\",\"name\":\"17th Tallinn Print Triennial | Youth exhibition: \u2018Spheres\u2019 Part II - Tallinn Creative Hub\",\"isPartOf\":{\"@id\":\"https:\/\/kultuurikatel.ee\/#website\"},\"primaryImageOfPage\":{\"@id\":\"https:\/\/kultuurikatel.ee\/en\/events\/tallinna-xvii-graafikatriennaali-noortenaituse-sfaarid-ii-osa\/#primaryimage\"},\"image\":{\"@id\":\"https:\/\/kultuurikatel.ee\/en\/events\/tallinna-xvii-graafikatriennaali-noortenaituse-sfaarid-ii-osa\/#primaryimage\"},\"thumbnailUrl\":\"https:\/\/kultuurikatel.ee\/static\/0106-2.jpg\",\"datePublished\":\"2018-05-30T08:17:39+00:00\",\"dateModified\":\"2018-07-16T06:18:55+00:00\",\"breadcrumb\":{\"@id\":\"https:\/\/kultuurikatel.ee\/en\/events\/tallinna-xvii-graafikatriennaali-noortenaituse-sfaarid-ii-osa\/#breadcrumb\"},\"inLanguage\":\"en-US\",\"potentialAction\":[{\"@type\":\"ReadAction\",\"target\":[\"https:\/\/kultuurikatel.ee\/en\/events\/tallinna-xvii-graafikatriennaali-noortenaituse-sfaarid-ii-osa\/\"]}]},{\"@type\":\"ImageObject\",\"inLanguage\":\"en-US\",\"@id\":\"https:\/\/kultuurikatel.ee\/en\/events\/tallinna-xvii-graafikatriennaali-noortenaituse-sfaarid-ii-osa\/#primaryimage\",\"url\":\"https:\/\/kultuurikatel.ee\/static\/0106-2.jpg\",\"contentUrl\":\"https:\/\/kultuurikatel.ee\/static\/0106-2.jpg\",\"width\":2000,\"height\":1042},{\"@type\":\"BreadcrumbList\",\"@id\":\"https:\/\/kultuurikatel.ee\/en\/events\/tallinna-xvii-graafikatriennaali-noortenaituse-sfaarid-ii-osa\/#breadcrumb\",\"itemListElement\":[{\"@type\":\"ListItem\",\"position\":1,\"name\":\"Home\",\"item\":\"https:\/\/kultuurikatel.ee\/en\/\"},{\"@type\":\"ListItem\",\"position\":2,\"name\":\"17th Tallinn Print Triennial | Youth exhibition: \u2018Spheres\u2019 Part II\"}]},{\"@type\":\"WebSite\",\"@id\":\"https:\/\/kultuurikatel.ee\/#website\",\"url\":\"https:\/\/kultuurikatel.ee\/\",\"name\":\"Tallinn Creative Hub\",\"description\":\"\",\"publisher\":{\"@id\":\"https:\/\/kultuurikatel.ee\/#organization\"},\"potentialAction\":[{\"@type\":\"SearchAction\",\"target\":{\"@type\":\"EntryPoint\",\"urlTemplate\":\"https:\/\/kultuurikatel.ee\/?s={search_term_string}\"},\"query-input\":{\"@type\":\"PropertyValueSpecification\",\"valueRequired\":true,\"valueName\":\"search_term_string\"}}],\"inLanguage\":\"en-US\"},{\"@type\":\"Organization\",\"@id\":\"https:\/\/kultuurikatel.ee\/#organization\",\"name\":\"SA Tallinna Kultuurikatel\",\"url\":\"https:\/\/kultuurikatel.ee\/\",\"logo\":{\"@type\":\"ImageObject\",\"inLanguage\":\"en-US\",\"@id\":\"https:\/\/kultuurikatel.ee\/#\/schema\/logo\/image\/\",\"url\":\"https:\/\/kultuurikatel.ee\/static\/Katel_logo.jpg\",\"contentUrl\":\"https:\/\/kultuurikatel.ee\/static\/Katel_logo.jpg\",\"width\":1346,\"height\":1022,\"caption\":\"SA Tallinna Kultuurikatel\"},\"image\":{\"@id\":\"https:\/\/kultuurikatel.ee\/#\/schema\/logo\/image\/\"},\"sameAs\":[\"https:\/\/www.facebook.com\/kultuurikatel\/\",\"https:\/\/www.instagram.com\/kultuurikatel\/\"]}]}<\/script>\n<!-- \/ Yoast SEO plugin. -->","yoast_head_json":{"title":"17th Tallinn Print Triennial | Youth exhibition: \u2018Spheres\u2019 Part II - Tallinn Creative Hub","robots":{"index":"index","follow":"follow","max-snippet":"max-snippet:-1","max-image-preview":"max-image-preview:large","max-video-preview":"max-video-preview:-1"},"canonical":"https:\/\/kultuurikatel.ee\/en\/events\/tallinna-xvii-graafikatriennaali-noortenaituse-sfaarid-ii-osa\/","og_locale":"en_US","og_type":"article","og_title":"17th Tallinn Print Triennial | Youth exhibition: \u2018Spheres\u2019 Part II - Tallinn Creative Hub","og_url":"https:\/\/kultuurikatel.ee\/en\/events\/tallinna-xvii-graafikatriennaali-noortenaituse-sfaarid-ii-osa\/","og_site_name":"Tallinn Creative Hub","article_publisher":"https:\/\/www.facebook.com\/kultuurikatel\/","article_modified_time":"2018-07-16T06:18:55+00:00","og_image":[{"width":2000,"height":1042,"url":"https:\/\/kultuurikatel.ee\/static\/0106-2.jpg","type":"image\/jpeg"}],"twitter_card":"summary_large_image","schema":{"@context":"https:\/\/schema.org","@graph":[{"@type":"WebPage","@id":"https:\/\/kultuurikatel.ee\/en\/events\/tallinna-xvii-graafikatriennaali-noortenaituse-sfaarid-ii-osa\/","url":"https:\/\/kultuurikatel.ee\/en\/events\/tallinna-xvii-graafikatriennaali-noortenaituse-sfaarid-ii-osa\/","name":"17th Tallinn Print Triennial | Youth exhibition: \u2018Spheres\u2019 Part II - Tallinn Creative Hub","isPartOf":{"@id":"https:\/\/kultuurikatel.ee\/#website"},"primaryImageOfPage":{"@id":"https:\/\/kultuurikatel.ee\/en\/events\/tallinna-xvii-graafikatriennaali-noortenaituse-sfaarid-ii-osa\/#primaryimage"},"image":{"@id":"https:\/\/kultuurikatel.ee\/en\/events\/tallinna-xvii-graafikatriennaali-noortenaituse-sfaarid-ii-osa\/#primaryimage"},"thumbnailUrl":"https:\/\/kultuurikatel.ee\/static\/0106-2.jpg","datePublished":"2018-05-30T08:17:39+00:00","dateModified":"2018-07-16T06:18:55+00:00","breadcrumb":{"@id":"https:\/\/kultuurikatel.ee\/en\/events\/tallinna-xvii-graafikatriennaali-noortenaituse-sfaarid-ii-osa\/#breadcrumb"},"inLanguage":"en-US","potentialAction":[{"@type":"ReadAction","target":["https:\/\/kultuurikatel.ee\/en\/events\/tallinna-xvii-graafikatriennaali-noortenaituse-sfaarid-ii-osa\/"]}]},{"@type":"ImageObject","inLanguage":"en-US","@id":"https:\/\/kultuurikatel.ee\/en\/events\/tallinna-xvii-graafikatriennaali-noortenaituse-sfaarid-ii-osa\/#primaryimage","url":"https:\/\/kultuurikatel.ee\/static\/0106-2.jpg","contentUrl":"https:\/\/kultuurikatel.ee\/static\/0106-2.jpg","width":2000,"height":1042},{"@type":"BreadcrumbList","@id":"https:\/\/kultuurikatel.ee\/en\/events\/tallinna-xvii-graafikatriennaali-noortenaituse-sfaarid-ii-osa\/#breadcrumb","itemListElement":[{"@type":"ListItem","position":1,"name":"Home","item":"https:\/\/kultuurikatel.ee\/en\/"},{"@type":"ListItem","position":2,"name":"17th Tallinn Print Triennial | Youth exhibition: \u2018Spheres\u2019 Part II"}]},{"@type":"WebSite","@id":"https:\/\/kultuurikatel.ee\/#website","url":"https:\/\/kultuurikatel.ee\/","name":"Tallinn Creative Hub","description":"","publisher":{"@id":"https:\/\/kultuurikatel.ee\/#organization"},"potentialAction":[{"@type":"SearchAction","target":{"@type":"EntryPoint","urlTemplate":"https:\/\/kultuurikatel.ee\/?s={search_term_string}"},"query-input":{"@type":"PropertyValueSpecification","valueRequired":true,"valueName":"search_term_string"}}],"inLanguage":"en-US"},{"@type":"Organization","@id":"https:\/\/kultuurikatel.ee\/#organization","name":"SA Tallinna Kultuurikatel","url":"https:\/\/kultuurikatel.ee\/","logo":{"@type":"ImageObject","inLanguage":"en-US","@id":"https:\/\/kultuurikatel.ee\/#\/schema\/logo\/image\/","url":"https:\/\/kultuurikatel.ee\/static\/Katel_logo.jpg","contentUrl":"https:\/\/kultuurikatel.ee\/static\/Katel_logo.jpg","width":1346,"height":1022,"caption":"SA Tallinna Kultuurikatel"},"image":{"@id":"https:\/\/kultuurikatel.ee\/#\/schema\/logo\/image\/"},"sameAs":["https:\/\/www.facebook.com\/kultuurikatel\/","https:\/\/www.instagram.com\/kultuurikatel\/"]}]}},"uagb_featured_image_src":{"full":["https:\/\/kultuurikatel.ee\/static\/0106-2.jpg",2000,1042,false],"thumbnail":["https:\/\/kultuurikatel.ee\/static\/0106-2-500x357.jpg",500,357,true],"medium":["https:\/\/kultuurikatel.ee\/static\/0106-2-300x156.jpg",300,156,true],"medium_large":["https:\/\/kultuurikatel.ee\/static\/0106-2-768x400.jpg",768,400,true],"large":["https:\/\/kultuurikatel.ee\/static\/0106-2-1024x534.jpg",1024,534,true],"1536x1536":["https:\/\/kultuurikatel.ee\/static\/0106-2.jpg",1536,800,false],"2048x2048":["https:\/\/kultuurikatel.ee\/static\/0106-2.jpg",2000,1042,false],"event_thumb":["https:\/\/kultuurikatel.ee\/static\/0106-2.jpg",360,188,false],"small":["https:\/\/kultuurikatel.ee\/static\/0106-2.jpg",120,63,false],"contact-profile":["https:\/\/kultuurikatel.ee\/static\/0106-2.jpg",230,120,false],"custom-size":["https:\/\/kultuurikatel.ee\/static\/0106-2.jpg",1920,1000,false],"event_image":["https:\/\/kultuurikatel.ee\/static\/0106-2.jpg",691,360,false]},"uagb_author_info":{"display_name":"kristiina viires","author_link":"https:\/\/kultuurikatel.ee\/en\/author\/kristiina-viires\/"},"uagb_comment_info":0,"uagb_excerpt":null,"featured_img":"https:\/\/kultuurikatel.ee\/static\/0106-2-500x357.jpg","coauthors":[],"author_meta":{"author_link":"https:\/\/kultuurikatel.ee\/en\/author\/kristiina-viires\/","display_name":"kristiina viires"},"relative_dates":{"created":"Posted 8 years ago","modified":"Updated 8 years ago"},"absolute_dates":{"created":"Posted on May 30, 2018","modified":"Updated on July 16, 2018"},"absolute_dates_time":{"created":"Posted on May 30, 2018 11:17","modified":"Updated on July 16, 2018 09:18"},"featured_img_caption":"","tax_additional":{"location_cat":{"linked":[],"unlinked":[],"slug":"location_cat","name":"Location"},"event_category":{"linked":["<a href=\"https:\/\/kultuurikatel.ee\/en\/event_category\/naitus-en\/\" class=\"advgb-post-tax-term\">Exhibition<\/a>"],"unlinked":["<span class=\"advgb-post-tax-term\">Exhibition<\/span>"],"slug":"event_category","name":"Types"}},"series_order":"","jetpack_sharing_enabled":true,"_links":{"self":[{"href":"https:\/\/kultuurikatel.ee\/en\/wp-json\/wp\/v2\/events\/7480","targetHints":{"allow":["GET"]}}],"collection":[{"href":"https:\/\/kultuurikatel.ee\/en\/wp-json\/wp\/v2\/events"}],"about":[{"href":"https:\/\/kultuurikatel.ee\/en\/wp-json\/wp\/v2\/types\/events"}],"author":[{"embeddable":true,"href":"https:\/\/kultuurikatel.ee\/en\/wp-json\/wp\/v2\/users\/13"}],"version-history":[{"count":4,"href":"https:\/\/kultuurikatel.ee\/en\/wp-json\/wp\/v2\/events\/7480\/revisions"}],"predecessor-version":[{"id":7711,"href":"https:\/\/kultuurikatel.ee\/en\/wp-json\/wp\/v2\/events\/7480\/revisions\/7711"}],"wp:featuredmedia":[{"embeddable":true,"href":"https:\/\/kultuurikatel.ee\/en\/wp-json\/wp\/v2\/media\/7455"}],"wp:attachment":[{"href":"https:\/\/kultuurikatel.ee\/en\/wp-json\/wp\/v2\/media?parent=7480"}],"wp:term":[{"taxonomy":"location_cat","embeddable":true,"href":"https:\/\/kultuurikatel.ee\/en\/wp-json\/wp\/v2\/location_cat?post=7480"},{"taxonomy":"event_category","embeddable":true,"href":"https:\/\/kultuurikatel.ee\/en\/wp-json\/wp\/v2\/event_category?post=7480"}],"curies":[{"name":"wp","href":"https:\/\/api.w.org\/{rel}","templated":true}]}}